{"id":222,"date":"2022-10-26T09:48:12","date_gmt":"2022-10-26T09:48:12","guid":{"rendered":"https:\/\/kitapiya.yekmal.de\/?page_id=222"},"modified":"2022-10-26T09:48:12","modified_gmt":"2022-10-26T09:48:12","slug":"kita-piya-wedding-2","status":"publish","type":"page","link":"https:\/\/kitapiya.yekmal.de\/?page_id=222&lang=kr","title":{"rendered":"Kita P\u00eeya Wedding"},"content":{"rendered":"<p>Em li Barfusstra\u00dfe 13 kre\u015feke duziman\u00ee ne \u00fb ji sala 2014an vir ve xebat\u00ean xwe y\u00ean perwerdeh\u00ee \u00fb ferd\u00ee bi Alman\u00ee \u00fb Kurd\u00ee dikin. Li sazgeha me ya ku di du astan de hatiye dabe\u015fkirin, em 25 zarokan ji sala wan a ewil heta dest bi dibistan\u00ea dikin, bi wan re dikin, pi\u015ftgir\u00ee \u00fb te\u015fw\u00eeq dikin. Amadekariya ji bo dibistan\u00ea her dem pi\u015ft\u00ee dema girtina hav\u00een\u00ea dest p\u00ea dike.<br \/>\nZarok bi kesayetiya xwe di navend\u00ea de ye. Ji bil\u00ee bernameya perwerdehiy\u00ea ya Berl\u00een\u00ea, xebata me ya pedagoj\u00eek li ser bingeha n\u00eaz\u00eekatiya rew\u015f\u00ea ye. Di v\u00ea p\u00eavajoy\u00ea de bi zarokan re di p\u00eavajoy\u00ean perwerdeh\u00ee \u00fb jiyan\u00ea de pi\u015ftgir\u00ee \u00fb pi\u015ftgir\u00ee kirin. Li vir, rew\u015f\u00ean rojane \u00fb xal\u00ean sereke t\u00eane destn\u00ee\u015fan kirin, ku j\u00ea re &#8222;rew\u015f\u00ean sereke&#8220; j\u00ee t\u00ea gotin. Em al\u00eekariya zarok\u00ean ji p\u00eakhatey\u00ean cuda y\u00ean civak\u00ee \u00fb \u00e7and\u00ee dikin ku c\u00eehana xwe fam bikin. Em gir\u00eengiy\u00ea didin hewcedar\u00ee \u00fb berjewendiy\u00ean her zarokek\u00ee \u00fb bi zarokan re p\u00ea\u015fniyar \u00fb projey\u00ean perwerdehiy\u00ea bi awayek\u00ee be\u015fdar dizayn dikin.<br \/>\nDi civ\u00eena zarokan a heftane de, fikr, daxwaz \u00fb eleqey\u00ean zarokan t\u00ean vegotin \u00fb hilgirtin. Hem\u00ee j\u00eahat\u00eeb\u00fbn\u00ean zarokan bi tevah\u00ee t\u00eane p\u00ea\u015fve xistin.<\/p>\n<p>Gelek park\u00ean li derdora yekser hene. Em van ji bo geryan, l\u00eager\u00eena xwezay\u00ea, l\u00eestik\u00ean tevger\u00ea \u00fb me\u015f\u00ean bi stran\u00ean zarokan bikar t\u00eenin.<\/p>\n<p>Heftey\u00ea carek\u00ea em bi zarokan re, li gor\u00ee xeyal\u00ean wan, potaniyan \u00e7\u00eadikin. L\u00eestik\u00ean av\u00ea, ceribandin \u00fb l\u00eestik\u00ean tevger\u00ea li hew\u015fa me t\u00eane p\u00ea\u015fk\u00ea\u015f kirin. Berhem\u00ean bestekar \u00fb hunermend\u00ean navdar \u00ean c\u00eehan\u00ea y\u00ean wek\u00ee Johann Sebastian Bach \u00fb Frida Kahlo j\u00ee bi awayek\u00ee perwerdey\u00ee \u00fb l\u00eestikvan\u00ee t\u00ean p\u00ea\u015fk\u00ea\u015fkirin.<\/p>\n<p>Em bi dilgerm\u00ee d\u00ea\u00fbbavan vedixw\u00eenin ku bi awayek\u00ee \u00e7alak be\u015fdar\u00ee plansaziy\u00ea bibin \u00fb bi raman \u00fb daxwaz\u00ean xwe be\u015fdar bibin. Em her weha \u015f\u00eereta d\u00ea\u00fbbavan p\u00ea\u015fk\u00ea\u015f dikin \u00fb bi pirs\u00ean perwerdehiy\u00ea pi\u015ftgir\u00ee didin wan. Li ser daxwaz\u00ea, b\u00fbyer\u00ean agahdar\u00ee dikarin li gor\u00ee berjewend\u00eey\u00ean d\u00ea\u00fbbavan b\u00eane organ\u00eeze kirin.<\/p>\n<p><strong><span class=\"JsGRdQ\">Kontakt<\/span><\/strong><\/p>\n<p><span class=\"JsGRdQ\"><strong>Adresse<\/strong>: Barfusstra\u00dfe 13, 13349 Berlin<\/span><\/p>\n<p><span class=\"JsGRdQ\"><strong>Phone B\u00fcro:<\/strong> 03045082694<\/span><\/p>\n<p><span class=\"JsGRdQ\"><strong>Handy<\/strong>: 017652923646<\/span><\/p>\n<p><span class=\"JsGRdQ\"><strong>E-mail:<\/strong> kita-piya-wedding@yekmal.de<\/span><\/p>\n","protected":false},"excerpt":{"rendered":"<p>Em li Barfusstra\u00dfe 13 kre\u015feke duziman\u00ee ne \u00fb ji sala 2014an vir ve xebat\u00ean xwe y\u00ean perwerdeh\u00ee \u00fb ferd\u00ee bi &hellip; <\/p>\n","protected":false},"author":2,"featured_media":0,"parent":0,"menu_order":0,"comment_status":"closed","ping_status":"closed","template":"","meta":[],"_links":{"self":[{"href":"https:\/\/kitapiya.yekmal.de\/index.php?rest_route=\/wp\/v2\/pages\/222"}],"collection":[{"href":"https:\/\/kitapiya.yekmal.de\/index.php?rest_route=\/wp\/v2\/pages"}],"about":[{"href":"https:\/\/kitapiya.yekmal.de\/index.php?rest_route=\/wp\/v2\/types\/page"}],"author":[{"embeddable":true,"href":"https:\/\/kitapiya.yekmal.de\/index.php?rest_route=\/wp\/v2\/users\/2"}],"replies":[{"embeddable":true,"href":"https:\/\/kitapiya.yekmal.de\/index.php?rest_route=%2Fwp%2Fv2%2Fcomments&post=222"}],"version-history":[{"count":0,"href":"https:\/\/kitapiya.yekmal.de\/index.php?rest_route=\/wp\/v2\/pages\/222\/revisions"}],"wp:attachment":[{"href":"https:\/\/kitapiya.yekmal.de\/index.php?rest_route=%2Fwp%2Fv2%2Fmedia&parent=222"}],"curies":[{"name":"wp","href":"https:\/\/api.w.org\/{rel}","templated":true}]}}